{"id":159,"date":"2019-09-23T15:49:04","date_gmt":"2019-09-23T15:49:04","guid":{"rendered":"http:\/\/regina-schmeken.test\/?post_type=portfolio&#038;p=159"},"modified":"2023-01-03T21:10:50","modified_gmt":"2023-01-03T20:10:50","slug":"blutiger-boden-die-tatorte-des-nsu-2013-2016","status":"publish","type":"portfolio","link":"https:\/\/reginaschmeken.com\/en\/werke\/blutiger-boden-die-tatorte-des-nsu-2013-2016\/","title":{"rendered":"BLOODY SOIL &#8211; SCENES OF NSU CRIMES 2013 &#8211; 2016"},"content":{"rendered":"\n<figure class=\"wp-block-gallery has-nested-images columns-2 wp-block-gallery-1 is-layout-flex wp-block-gallery-is-layout-flex\">\n<figure class=\"wp-block-image size-large\"><img loading=\"lazy\" decoding=\"async\" width=\"1024\" height=\"682\" data-id=\"539\" src=\"http:\/\/reginaschmeken.com\/wp-content\/uploads\/2019\/10\/01_Nuernberg_E_Simsek-1024x682.jpg\" alt=\"\" class=\"wp-image-539\" srcset=\"https:\/\/reginaschmeken.com\/wp-content\/uploads\/2019\/10\/01_Nuernberg_E_Simsek.jpg 1024w, https:\/\/reginaschmeken.com\/wp-content\/uploads\/2019\/10\/01_Nuernberg_E_Simsek-300x200.jpg 300w, https:\/\/reginaschmeken.com\/wp-content\/uploads\/2019\/10\/01_Nuernberg_E_Simsek-768x512.jpg 768w\" sizes=\"auto, (max-width: 1024px) 100vw, 1024px\" \/><figcaption>From Bloody Soil &#8211; Scenes Of NSU Crimes:<br>Enver \u015eim\u015fek (38), 09.09.2000, Nuremberg, Liegnitzer Stra\u00dfe<\/figcaption><\/figure>\n\n\n\n<figure class=\"wp-block-image size-large\"><img loading=\"lazy\" decoding=\"async\" width=\"1024\" height=\"682\" data-id=\"540\" src=\"http:\/\/reginaschmeken.com\/wp-content\/uploads\/2019\/10\/02_Dortmund_M_Kubasik-1024x682.jpg\" alt=\"\" class=\"wp-image-540\" srcset=\"https:\/\/reginaschmeken.com\/wp-content\/uploads\/2019\/10\/02_Dortmund_M_Kubasik.jpg 1024w, https:\/\/reginaschmeken.com\/wp-content\/uploads\/2019\/10\/02_Dortmund_M_Kubasik-300x200.jpg 300w, https:\/\/reginaschmeken.com\/wp-content\/uploads\/2019\/10\/02_Dortmund_M_Kubasik-768x512.jpg 768w\" sizes=\"auto, (max-width: 1024px) 100vw, 1024px\" \/><figcaption>From Bloody Soil &#8211; Scenes Of NSU Crimes:<br>Mehmet Kuba\u015f\u0131k (39), 04.04.2006, Dortmund, Mallinckrodtstrasse<\/figcaption><\/figure>\n\n\n\n<figure class=\"wp-block-image size-large\"><img loading=\"lazy\" decoding=\"async\" width=\"1024\" height=\"682\" data-id=\"541\" src=\"http:\/\/reginaschmeken.com\/wp-content\/uploads\/2019\/10\/03_Rostock_M_Turgut-1024x682.jpg\" alt=\"\" class=\"wp-image-541\" srcset=\"https:\/\/reginaschmeken.com\/wp-content\/uploads\/2019\/10\/03_Rostock_M_Turgut.jpg 1024w, https:\/\/reginaschmeken.com\/wp-content\/uploads\/2019\/10\/03_Rostock_M_Turgut-300x200.jpg 300w, https:\/\/reginaschmeken.com\/wp-content\/uploads\/2019\/10\/03_Rostock_M_Turgut-768x512.jpg 768w\" sizes=\"auto, (max-width: 1024px) 100vw, 1024px\" \/><figcaption>From Bloody Soil &#8211; Scenes Of NSU Crimes:<br>Mehmet Turgut (25), 25.02.2004, Rostock, Neudierkower Weg<\/figcaption><\/figure>\n\n\n\n<figure class=\"wp-block-image size-large\"><img loading=\"lazy\" decoding=\"async\" width=\"1024\" height=\"682\" data-id=\"542\" src=\"http:\/\/reginaschmeken.com\/wp-content\/uploads\/2019\/10\/04_Koeln_Keupstrasse-1024x682.jpg\" alt=\"\" class=\"wp-image-542\" srcset=\"https:\/\/reginaschmeken.com\/wp-content\/uploads\/2019\/10\/04_Koeln_Keupstrasse.jpg 1024w, https:\/\/reginaschmeken.com\/wp-content\/uploads\/2019\/10\/04_Koeln_Keupstrasse-300x200.jpg 300w, https:\/\/reginaschmeken.com\/wp-content\/uploads\/2019\/10\/04_Koeln_Keupstrasse-768x512.jpg 768w\" sizes=\"auto, (max-width: 1024px) 100vw, 1024px\" \/><figcaption>From Bloody Soil &#8211; Scenes Of NSU Crimes:<br>22 Injured and severely injured, 09.06.2004, Cologne, Keupstra\u00dfe<\/figcaption><\/figure>\n\n\n\n<figure class=\"wp-block-image size-large\"><img loading=\"lazy\" decoding=\"async\" width=\"1024\" height=\"682\" data-id=\"543\" src=\"http:\/\/reginaschmeken.com\/wp-content\/uploads\/2019\/10\/05_Heilbronn_M_Kiesewetter-1024x682.jpg\" alt=\"\" class=\"wp-image-543\" srcset=\"https:\/\/reginaschmeken.com\/wp-content\/uploads\/2019\/10\/05_Heilbronn_M_Kiesewetter.jpg 1024w, https:\/\/reginaschmeken.com\/wp-content\/uploads\/2019\/10\/05_Heilbronn_M_Kiesewetter-300x200.jpg 300w, https:\/\/reginaschmeken.com\/wp-content\/uploads\/2019\/10\/05_Heilbronn_M_Kiesewetter-768x512.jpg 768w\" sizes=\"auto, (max-width: 1024px) 100vw, 1024px\" \/><figcaption>From Bloody Soil &#8211; Scenes Of NSU Crimes:<br>Mich\u00e8le Kiesewetter (22), 25.04.2007, Heilbronn, Theresienwiese<\/figcaption><\/figure>\n\n\n\n<figure class=\"wp-block-image size-large\"><img loading=\"lazy\" decoding=\"async\" width=\"1024\" height=\"682\" data-id=\"544\" src=\"http:\/\/reginaschmeken.com\/wp-content\/uploads\/2019\/10\/06_Muenchen_H_Kilic-1024x682.jpg\" alt=\"\" class=\"wp-image-544\" srcset=\"https:\/\/reginaschmeken.com\/wp-content\/uploads\/2019\/10\/06_Muenchen_H_Kilic.jpg 1024w, https:\/\/reginaschmeken.com\/wp-content\/uploads\/2019\/10\/06_Muenchen_H_Kilic-300x200.jpg 300w, https:\/\/reginaschmeken.com\/wp-content\/uploads\/2019\/10\/06_Muenchen_H_Kilic-768x512.jpg 768w\" sizes=\"auto, (max-width: 1024px) 100vw, 1024px\" \/><figcaption>From Bloody Soil &#8211; Scenes Of NSU Crimes:<br>Habil K\u0131l\u0131\u00e7 (38), 29.08.2001, Munich, Bad-Schachener-Stra\u00dfe<\/figcaption><\/figure>\n<\/figure>\n","protected":false},"template":"","class_list":["post-159","portfolio","type-portfolio","status-publish","hentry"],"yoast_head":"<!-- This site is optimized with the Yoast SEO plugin v26.4 - https:\/\/yoast.com\/wordpress\/plugins\/seo\/ -->\n<title>BLOODY SOIL - SCENES OF NSU CRIMES 2013 - 2016<\/title>\n<meta name=\"robots\" content=\"index, follow, max-snippet:-1, max-image-preview:large, max-video-preview:-1\" \/>\n<link rel=\"canonical\" href=\"https:\/\/reginaschmeken.com\/en\/werke\/blutiger-boden-die-tatorte-des-nsu-2013-2016\/\" \/>\n<meta property=\"og:locale\" content=\"en_US\" \/>\n<meta property=\"og:locale:alternate\" content=\"de_DE\" \/>\n<meta property=\"og:type\" content=\"article\" \/>\n<meta property=\"og:title\" content=\"BLOODY SOIL - SCENES OF NSU CRIMES 2013 - 2016\" \/>\n<meta property=\"og:url\" content=\"https:\/\/reginaschmeken.com\/en\/werke\/blutiger-boden-die-tatorte-des-nsu-2013-2016\/\" \/>\n<meta property=\"og:site_name\" content=\"Regina Schmeken\" \/>\n<meta property=\"article:modified_time\" content=\"2023-01-03T20:10:50+00:00\" \/>\n<meta property=\"og:image\" content=\"http:\/\/reginaschmeken.com\/wp-content\/uploads\/2019\/10\/01_Nuernberg_E_Simsek-1024x682.jpg\" \/>\n<meta name=\"twitter:card\" content=\"summary_large_image\" \/>\n<meta name=\"twitter:label1\" content=\"Est. reading time\" \/>\n\t<meta name=\"twitter:data1\" content=\"2 minutes\" \/>\n<script type=\"application\/ld+json\" class=\"yoast-schema-graph\">{\"@context\":\"https:\/\/schema.org\",\"@graph\":[{\"@type\":\"WebPage\",\"@id\":\"https:\/\/reginaschmeken.com\/werke\/blutiger-boden-die-tatorte-des-nsu-2013-2016\/\",\"url\":\"https:\/\/reginaschmeken.com\/werke\/blutiger-boden-die-tatorte-des-nsu-2013-2016\/\",\"name\":\"BLOODY SOIL - SCENES OF NSU CRIMES 2013 - 2016\",\"isPartOf\":{\"@id\":\"https:\/\/reginaschmeken.com\/#website\"},\"primaryImageOfPage\":{\"@id\":\"https:\/\/reginaschmeken.com\/werke\/blutiger-boden-die-tatorte-des-nsu-2013-2016\/#primaryimage\"},\"image\":{\"@id\":\"https:\/\/reginaschmeken.com\/werke\/blutiger-boden-die-tatorte-des-nsu-2013-2016\/#primaryimage\"},\"thumbnailUrl\":\"http:\/\/reginaschmeken.com\/wp-content\/uploads\/2019\/10\/01_Nuernberg_E_Simsek-1024x682.jpg\",\"datePublished\":\"2019-09-23T15:49:04+00:00\",\"dateModified\":\"2023-01-03T20:10:50+00:00\",\"breadcrumb\":{\"@id\":\"https:\/\/reginaschmeken.com\/werke\/blutiger-boden-die-tatorte-des-nsu-2013-2016\/#breadcrumb\"},\"inLanguage\":\"en-US\",\"potentialAction\":[{\"@type\":\"ReadAction\",\"target\":[\"https:\/\/reginaschmeken.com\/werke\/blutiger-boden-die-tatorte-des-nsu-2013-2016\/\"]}]},{\"@type\":\"ImageObject\",\"inLanguage\":\"en-US\",\"@id\":\"https:\/\/reginaschmeken.com\/werke\/blutiger-boden-die-tatorte-des-nsu-2013-2016\/#primaryimage\",\"url\":\"http:\/\/reginaschmeken.com\/wp-content\/uploads\/2019\/10\/01_Nuernberg_E_Simsek-1024x682.jpg\",\"contentUrl\":\"http:\/\/reginaschmeken.com\/wp-content\/uploads\/2019\/10\/01_Nuernberg_E_Simsek-1024x682.jpg\"},{\"@type\":\"BreadcrumbList\",\"@id\":\"https:\/\/reginaschmeken.com\/werke\/blutiger-boden-die-tatorte-des-nsu-2013-2016\/#breadcrumb\",\"itemListElement\":[{\"@type\":\"ListItem\",\"position\":1,\"name\":\"Home\",\"item\":\"https:\/\/reginaschmeken.com\/\"},{\"@type\":\"ListItem\",\"position\":2,\"name\":\"BLUTIGER BODEN &#8211; DIE TATORTE DES NSU 2013 &#8211; 2016\"}]},{\"@type\":\"WebSite\",\"@id\":\"https:\/\/reginaschmeken.com\/#website\",\"url\":\"https:\/\/reginaschmeken.com\/\",\"name\":\"Regina Schmeken\",\"description\":\"Fotografie\",\"publisher\":{\"@id\":\"https:\/\/reginaschmeken.com\/#\/schema\/person\/ea6a85b0429e750a6929de55d9853a6e\"},\"potentialAction\":[{\"@type\":\"SearchAction\",\"target\":{\"@type\":\"EntryPoint\",\"urlTemplate\":\"https:\/\/reginaschmeken.com\/?s={search_term_string}\"},\"query-input\":{\"@type\":\"PropertyValueSpecification\",\"valueRequired\":true,\"valueName\":\"search_term_string\"}}],\"inLanguage\":\"en-US\"},{\"@type\":[\"Person\",\"Organization\"],\"@id\":\"https:\/\/reginaschmeken.com\/#\/schema\/person\/ea6a85b0429e750a6929de55d9853a6e\",\"name\":\"regina\",\"image\":{\"@type\":\"ImageObject\",\"inLanguage\":\"en-US\",\"@id\":\"https:\/\/reginaschmeken.com\/#\/schema\/person\/image\/\",\"url\":\"https:\/\/secure.gravatar.com\/avatar\/a956936300add0deebd5993184a999a29dc0cdf082c6016f0442cc8512f2a772?s=96&d=mm&r=g\",\"contentUrl\":\"https:\/\/secure.gravatar.com\/avatar\/a956936300add0deebd5993184a999a29dc0cdf082c6016f0442cc8512f2a772?s=96&d=mm&r=g\",\"caption\":\"regina\"},\"logo\":{\"@id\":\"https:\/\/reginaschmeken.com\/#\/schema\/person\/image\/\"}}]}<\/script>\n<!-- \/ Yoast SEO plugin. -->","yoast_head_json":{"title":"BLOODY SOIL - SCENES OF NSU CRIMES 2013 - 2016","robots":{"index":"index","follow":"follow","max-snippet":"max-snippet:-1","max-image-preview":"max-image-preview:large","max-video-preview":"max-video-preview:-1"},"canonical":"https:\/\/reginaschmeken.com\/en\/werke\/blutiger-boden-die-tatorte-des-nsu-2013-2016\/","og_locale":"en_US","og_type":"article","og_title":"[:de]BLUTIGER BODEN - DIE TATORTE DES NSU 2013 - 2016[:en]BLOODY SOIL - SCENES OF NSU CRIMES 2013 - 2016[:] - Regina Schmeken","og_url":"https:\/\/reginaschmeken.com\/en\/werke\/blutiger-boden-die-tatorte-des-nsu-2013-2016\/","og_site_name":"Regina Schmeken","article_modified_time":"2023-01-03T20:10:50+00:00","og_image":[{"url":"http:\/\/reginaschmeken.com\/wp-content\/uploads\/2019\/10\/01_Nuernberg_E_Simsek-1024x682.jpg","type":"","width":"","height":""}],"twitter_card":"summary_large_image","twitter_misc":{"Est. reading time":"2 minutes"},"schema":{"@context":"https:\/\/schema.org","@graph":[{"@type":"WebPage","@id":"https:\/\/reginaschmeken.com\/werke\/blutiger-boden-die-tatorte-des-nsu-2013-2016\/","url":"https:\/\/reginaschmeken.com\/werke\/blutiger-boden-die-tatorte-des-nsu-2013-2016\/","name":"BLOODY SOIL - SCENES OF NSU CRIMES 2013 - 2016","isPartOf":{"@id":"https:\/\/reginaschmeken.com\/#website"},"primaryImageOfPage":{"@id":"https:\/\/reginaschmeken.com\/werke\/blutiger-boden-die-tatorte-des-nsu-2013-2016\/#primaryimage"},"image":{"@id":"https:\/\/reginaschmeken.com\/werke\/blutiger-boden-die-tatorte-des-nsu-2013-2016\/#primaryimage"},"thumbnailUrl":"http:\/\/reginaschmeken.com\/wp-content\/uploads\/2019\/10\/01_Nuernberg_E_Simsek-1024x682.jpg","datePublished":"2019-09-23T15:49:04+00:00","dateModified":"2023-01-03T20:10:50+00:00","breadcrumb":{"@id":"https:\/\/reginaschmeken.com\/werke\/blutiger-boden-die-tatorte-des-nsu-2013-2016\/#breadcrumb"},"inLanguage":"en-US","potentialAction":[{"@type":"ReadAction","target":["https:\/\/reginaschmeken.com\/werke\/blutiger-boden-die-tatorte-des-nsu-2013-2016\/"]}]},{"@type":"ImageObject","inLanguage":"en-US","@id":"https:\/\/reginaschmeken.com\/werke\/blutiger-boden-die-tatorte-des-nsu-2013-2016\/#primaryimage","url":"http:\/\/reginaschmeken.com\/wp-content\/uploads\/2019\/10\/01_Nuernberg_E_Simsek-1024x682.jpg","contentUrl":"http:\/\/reginaschmeken.com\/wp-content\/uploads\/2019\/10\/01_Nuernberg_E_Simsek-1024x682.jpg"},{"@type":"BreadcrumbList","@id":"https:\/\/reginaschmeken.com\/werke\/blutiger-boden-die-tatorte-des-nsu-2013-2016\/#breadcrumb","itemListElement":[{"@type":"ListItem","position":1,"name":"Home","item":"https:\/\/reginaschmeken.com\/"},{"@type":"ListItem","position":2,"name":"BLUTIGER BODEN &#8211; DIE TATORTE DES NSU 2013 &#8211; 2016"}]},{"@type":"WebSite","@id":"https:\/\/reginaschmeken.com\/#website","url":"https:\/\/reginaschmeken.com\/","name":"Regina Schmeken","description":"Fotografie","publisher":{"@id":"https:\/\/reginaschmeken.com\/#\/schema\/person\/ea6a85b0429e750a6929de55d9853a6e"},"potentialAction":[{"@type":"SearchAction","target":{"@type":"EntryPoint","urlTemplate":"https:\/\/reginaschmeken.com\/?s={search_term_string}"},"query-input":{"@type":"PropertyValueSpecification","valueRequired":true,"valueName":"search_term_string"}}],"inLanguage":"en-US"},{"@type":["Person","Organization"],"@id":"https:\/\/reginaschmeken.com\/#\/schema\/person\/ea6a85b0429e750a6929de55d9853a6e","name":"regina","image":{"@type":"ImageObject","inLanguage":"en-US","@id":"https:\/\/reginaschmeken.com\/#\/schema\/person\/image\/","url":"https:\/\/secure.gravatar.com\/avatar\/a956936300add0deebd5993184a999a29dc0cdf082c6016f0442cc8512f2a772?s=96&d=mm&r=g","contentUrl":"https:\/\/secure.gravatar.com\/avatar\/a956936300add0deebd5993184a999a29dc0cdf082c6016f0442cc8512f2a772?s=96&d=mm&r=g","caption":"regina"},"logo":{"@id":"https:\/\/reginaschmeken.com\/#\/schema\/person\/image\/"}}]}},"_links":{"self":[{"href":"https:\/\/reginaschmeken.com\/en\/wp-json\/wp\/v2\/portfolio\/159","targetHints":{"allow":["GET"]}}],"collection":[{"href":"https:\/\/reginaschmeken.com\/en\/wp-json\/wp\/v2\/portfolio"}],"about":[{"href":"https:\/\/reginaschmeken.com\/en\/wp-json\/wp\/v2\/types\/portfolio"}],"wp:attachment":[{"href":"https:\/\/reginaschmeken.com\/en\/wp-json\/wp\/v2\/media?parent=159"}],"curies":[{"name":"wp","href":"https:\/\/api.w.org\/{rel}","templated":true}]}}